{"id":18381,"date":"2016-03-10T18:52:12","date_gmt":"2016-03-10T18:52:12","guid":{"rendered":"https:\/\/mesquefinques.com\/politica-de-privacidad\/"},"modified":"2023-06-29T11:35:53","modified_gmt":"2023-06-29T09:35:53","slug":"politica-de-privacitat","status":"publish","type":"page","link":"https:\/\/mesquefinques.com\/ca\/politica-de-privacitat\/","title":{"rendered":"Pol\u00edtica de Privacitat"},"content":{"rendered":"<p style=\"text-align: justify;\">En cumplimiento de lo dispuesto en el Reglamento General de Protecci\u00f3n de Datos 2016\/679 (RGPD) y la Ley Org\u00e1nica de Protecci\u00f3n de Datos y Garant\u00eda de los Derechos Digitales (LOPDGDD) de diciembre de 2018, informamos:<\/p>\n<h3><\/h3>\n<h3 style=\"text-align: justify;\"><strong>1. RESPONSABLE DEL TRATAMIENTO<br \/>\n<\/strong><\/h3>\n<p style=\"text-align: justify;\">Identidad:\u00a0<strong>ROGER BALLB\u00c9 MA\u00d1AS \u2013 NIF 45884207 N<\/strong><br \/>\nDirecci\u00f3n postal:\u00a0<strong>Passeig del 22 de Juliol, 512, local; 08222; TERRASSA; BARCELONA<\/strong><br \/>\nTel\u00e9fono:\u00a0<strong>695421780<\/strong><br \/>\nE-mail:\u00a0<strong><a href=\"mailto:mesquefinques@gmail.com\">mesquefinques@gmail.com<\/a><\/strong><\/p>\n<h3><\/h3>\n<h3 style=\"text-align: justify;\"><strong>2. FINALIDAD DEL TRATAMIENTO DE LOS DATOS.<\/strong><\/h3>\n<p style=\"text-align: justify;\">Le informamos que los datos que nos facilite se tratan con la finalidad de gestionar y responder las solicitudes de informaci\u00f3n o consultas recibidas, el env\u00edo de informaci\u00f3n sobre productos y servicios de su inter\u00e9s, as\u00ed como facilitar, agilizar y cumplir los compromisos establecidos entre y el Usuario y el mantenimiento de la relaci\u00f3n que se establezca.<\/p>\n<p style=\"text-align: justify;\">Asimismo, de conformidad con lo previsto en el RGPD se mantiene un registro de actividades de tratamiento que especifica, seg\u00fan sus finalidades, las actividades de tratamiento llevadas a cabo y las dem\u00e1s circunstancias establecidas en el RGPD.<br \/>\nLa informaci\u00f3n personal no podr\u00e1 ser utilizada para otros fines que los relacionados con los servicios contratados o productos adquiridos. No se tomar\u00e1n decisiones automatizadas en base a dicho perfil.<\/p>\n<h3><\/h3>\n<h3 style=\"text-align: justify;\"><strong>3. LEGITIMACI\u00d3N PARA EL TRATAMIENTO DE DATOS<br \/>\n<\/strong><\/h3>\n<p style=\"text-align: justify;\">La base legal para el tratamiento realizado est\u00e1 basada en:<\/p>\n<p style=\"text-align: justify;\">\u2022 El consentimiento otorgado por el Usuario mediante la aceptaci\u00f3n de la presente Pol\u00edtica y la casilla correspondiente.<br \/>\n\u2022 El Usuario ha aportado sus datos personales en el marco de una relaci\u00f3n contractual o precontractual para la atenci\u00f3n de su solicitud acerca de nuestros servicios y por tanto su tratamiento es necesario para el mantenimiento de dicha relaci\u00f3n.<br \/>\n\u2022 Las obligaciones legales aplicables a ROGER BALLB\u00c9 MA\u00d1AS que requieren del tratamiento de los datos personales de acuerdo con los servicios prestados, como aquellas relacionadas con cuestiones tributarias.<\/p>\n<p style=\"text-align: justify;\">El Usuario podr\u00e1, en cualquier momento revocar su consentimiento para el tratamiento de sus datos personales. En ning\u00fan caso la retirada de estos consentimientos condiciona la prestaci\u00f3n del servicio, y\/o la ejecuci\u00f3n de contratos con ROGER BALLB\u00c9 MA\u00d1AS.<\/p>\n<h3><\/h3>\n<h3 style=\"text-align: justify;\"><strong>4. DATOS PERSONALES QUE SE TRATAN Y PROCEDENCIA<br \/>\n<\/strong><\/h3>\n<p style=\"text-align: justify;\">Los datos personales que tratamos han sido facilitados por el propio Usuario mediante el env\u00edo de correos electr\u00f3nicos o uso de las funcionalidades ofrecidas en el Portal.<\/p>\n<p style=\"text-align: justify;\">El uso de los apartados de contacto, cumplimentaci\u00f3n de formularios y\/o funcionalidades ofrecidas en el Portal es voluntario. No obstante, la cumplimentaci\u00f3n de determinados campos del formulario o su facilitaci\u00f3n mediante el uso de otras funcionalidades resultan necesarios para atender y gestionar correctamente su solicitud, por lo que la negativa del Usuario a facilitar la informaci\u00f3n requerida impedir\u00e1 a ROGER BALLB\u00c9 MA\u00d1AS atenderla y gestionarla correctamente. El Usuario garantiza que los datos que nos facilita son veraces, exactos y completos. Se cancelar\u00e1n, borrar\u00e1n o bloquear\u00e1n los datos cuando resulten inexactos, incompletos o hayan dejado de ser necesarios o pertinentes para su finalidad conforme a la legislaci\u00f3n vigente. Si los datos personales aportados son de un tercero, el Usuario garantiza que le ha informado de la Pol\u00edtica de Privacidad y ha obtenido su autorizaci\u00f3n para facilitar sus datos con las finalidades antes se\u00f1aladas. Igualmente garantiza que los datos aportados son exactos y actualizados, siendo responsable de cualquier da\u00f1o o perjuicio, directo o indirecto, que pudiera ocasionarse como consecuencia del incumplimiento de tal obligaci\u00f3n. El Usuario se compromete y responsabilidad de la veracidad y correcci\u00f3n de los datos que nos facilita, comprometi\u00e9ndose a mantenerlos debidamente actualizados.<\/p>\n<p style=\"text-align: justify;\">El Portal puede incluir\u00a0<strong>enlaces<\/strong>\u00a0o\u00a0<strong>links<\/strong>\u00a0a sitios de terceros. Las antedichas webs no han sido revisadas ni son objeto de controles sobre los mismos por el portal. No podr\u00e1 ser considerada en ning\u00fan caso responsable de los contenidos de estos sitios Web ni de las medidas que se adopten relativas a su privacidad o al tratamiento de sus datos de car\u00e1cter personal. Se recomienda la lectura detenida de las condiciones de uso y la pol\u00edtica de privacidad de estos sitios.<\/p>\n<p style=\"text-align: justify;\">En caso de estar interesado en activar un enlace a la presente p\u00e1gina deber\u00e1 comunicarlo a ROGER BALLB\u00c9 MA\u00d1AS, obteniendo el consentimiento expreso para crear el enlace. ROGER BALLB\u00c9 MA\u00d1AS se reserva el derecho de oposici\u00f3n a la activaci\u00f3n de enlaces con su sitio Web.<\/p>\n<h3><\/h3>\n<h3 style=\"text-align: justify;\"><strong>5. PLAZOS DE CONSERVACI\u00d3N DE LOS DATOS PERSONALES<br \/>\n<\/strong><\/h3>\n<p style=\"text-align: justify;\">Los datos personales proporcionados por el Usuario se conservar\u00e1n mientras permanezca dado de alta en el servicio, mientras se mantenga la relaci\u00f3n negocial, mientras el Usuario no solicite su supresi\u00f3n, o durante el plazo legal establecido. As\u00ed mismo podr\u00e1n conservarse cuando sean necesarios para el cumplimiento de una obligaci\u00f3n legal o para la formulaci\u00f3n, el ejercicio y la defensa de reclamaciones.<\/p>\n<p style=\"text-align: justify;\">Si el Usuario revoca su consentimiento o ejercita los derechos de oposici\u00f3n o supresi\u00f3n, sus datos se conservar\u00e1n bloqueados a disposici\u00f3n de la Administraci\u00f3n de Justicia durante los plazos establecidos legalmente para atender a las posibles responsabilidades nacidas del tratamiento de los datos personales.<\/p>\n<h3><\/h3>\n<h3 style=\"text-align: justify;\"><strong>6. SECRETO Y SEGURIDAD DE LOS DATOS PERSONALES<\/strong><\/h3>\n<p style=\"text-align: justify;\">ROGER BALLB\u00c9 MA\u00d1AS se compromete a adoptar las medidas t\u00e9cnicas y organizativas necesarias, seg\u00fan el nivel de seguridad adecuado al riesgo de los datos recogidos, de forma que se garantice la seguridad de los datos de car\u00e1cter personal y se evite la destrucci\u00f3n, p\u00e9rdida o alteraci\u00f3n accidental o il\u00edcita de datos personales transmitidos, conservados o tratados de otra forma, o la comunicaci\u00f3n o acceso no autorizados a dichos datos.<\/p>\n<p style=\"text-align: justify;\">Los datos personales ser\u00e1n tratados como confidenciales por el\u00a0<strong>Responsable<\/strong>\u00a0del tratamiento, quien se compromete a informar y a garantizar por medio de una obligaci\u00f3n legal o contractual que dicha confidencialidad sea respetada por sus empleados, asociados, y toda persona a la cual le haga accesible la informaci\u00f3n.<\/p>\n<h3><\/h3>\n<h3 style=\"text-align: justify;\"><strong>7. SESIONES Y DESTINATARIOS DE LOS DATOS PERSONALES<br \/>\n<\/strong><\/h3>\n<p style=\"text-align: justify;\">Los datos no ser\u00e1n comunicados a terceros, salvo que los casos legalmente previstos o sea necesario para cumplir con la finalidad del tratamiento.<\/p>\n<h3><\/h3>\n<h3 style=\"text-align: justify;\"><strong>8. DERECHOS DE LOS USUARIOS.<br \/>\n<\/strong><\/h3>\n<p style=\"text-align: justify;\"><strong>\u00bfCu\u00e1les son sus derechos cuando nos facilita sus datos?<\/strong><\/p>\n<p style=\"text-align: justify;\">El Usuario tiene derecho a obtener confirmaci\u00f3n sobre si estamos tratando datos personales que les conciernan, o no. El Usuario tiene derecho a\u00a0<strong>acceder<\/strong>\u00a0a sus datos personales, as\u00ed como a solicitar la\u00a0<strong>rectificaci\u00f3n<\/strong>\u00a0de los datos inexactos o, en su caso, solicitar su\u00a0<strong>supresi\u00f3n<\/strong>\u00a0cuando, entre otros motivos, los datos ya no sean necesarios para los fines que fueron recogidos. En determinadas circunstancias, el Usuario podr\u00e1 solicitar la limitaci\u00f3n del tratamiento de sus datos, en cuyo caso \u00fanicamente los conservaremos para el ejercicio o la defensa de reclamaciones. En determinadas circunstancias y por motivos relacionados con su situaci\u00f3n particular, el Usuario podr\u00e1\u00a0<strong>oponerse<\/strong>\u00a0al tratamiento de sus datos, por lo que el responsable del tratamiento dejar\u00e1 de tratar los datos, salvo que, por motivos leg\u00edtimos imperiosos, o el ejercicio o la defensa de posibles reclamaciones. En aquellos supuestos en los que legalmente proceda, tendr\u00e1 el derecho a la\u00a0<strong>portabilidad<\/strong>\u00a0de los datos, lo que implica que tiene derecho a recibir los datos personales relativos a su persona que estemos tratando y almacenarlos en un dispositivo propio. Igualmente, le informamos que puede dirigir cualquier tipo de reclamaci\u00f3n en materia de protecci\u00f3n de datos personales a la Agencia Espa\u00f1ola de Protecci\u00f3n de Datos\u00a0<a href=\"http:\/\/www.agpd.es\/\">www.agpd.es<\/a>, Autoridad de Control de Espa\u00f1a.<\/p>\n<p style=\"text-align: justify;\">Puede ejercitar ante ROGER BALLB\u00c9 MA\u00d1AS en caso de que resulten de aplicaci\u00f3n, los derechos de acceso, rectificaci\u00f3n, oposici\u00f3n, supresi\u00f3n, limitaci\u00f3n del tratamiento, portabilidad y a oponerse a ser objeto de decisiones individuales automatizadas mediante comunicaci\u00f3n escrita acompa\u00f1ada de fotocopia del D.N.I. dirigida a la siguiente direcci\u00f3n: Passeig del 22 de Juliol, 512, local; 08222; TERRASSA; BARCELONA, email\u00a0<a href=\"mailto:mesquefinques@gmail.com\">mesquefinques@gmail.com<\/a>.<\/p>\n","protected":false},"excerpt":{"rendered":"<p>En cumplimiento de lo dispuesto en el Reglamento General de Protecci\u00f3n de Datos 2016\/679 (RGPD) y la Ley Org\u00e1nica de Protecci\u00f3n de Datos y Garant\u00eda de los Derechos Digitales (LOPDGDD) de diciembre de 2018, informamos: 1. RESPONSABLE DEL TRATAMIENTO Identidad:\u00a0ROGER BALLB\u00c9 MA\u00d1AS \u2013 NIF 45884207 N Direcci\u00f3n postal:\u00a0Passeig del 22 de Juliol, 512, local; 08222; [&hellip;]<\/p>\n","protected":false},"author":2,"featured_media":0,"parent":0,"menu_order":0,"comment_status":"closed","ping_status":"closed","template":"template\/template-page.php","meta":{"_acf_changed":false,"om_disable_all_campaigns":false,"_monsterinsights_skip_tracking":false,"_monsterinsights_sitenote_active":false,"_monsterinsights_sitenote_note":"","_monsterinsights_sitenote_category":0,"_uf_show_specific_survey":0,"_uf_disable_surveys":false,"_joinchat":[],"footnotes":""},"class_list":["post-18381","page","type-page","status-publish","hentry"],"acf":[],"yoast_head":"<!-- This site is optimized with the Yoast SEO plugin v25.3 - https:\/\/yoast.com\/wordpress\/plugins\/seo\/ -->\n<title>Pol\u00edtica de Privacitat - Mes que finques<\/title>\n<meta name=\"robots\" content=\"index, follow, max-snippet:-1, max-image-preview:large, max-video-preview:-1\" \/>\n<link rel=\"canonical\" href=\"https:\/\/mesquefinques.com\/politica-de-privacidad\/\" \/>\n<meta property=\"og:locale\" content=\"ca_ES\" \/>\n<meta property=\"og:type\" content=\"article\" \/>\n<meta property=\"og:title\" content=\"Pol\u00edtica de Privacitat - Mes que finques\" \/>\n<meta property=\"og:description\" content=\"En cumplimiento de lo dispuesto en el Reglamento General de Protecci\u00f3n de Datos 2016\/679 (RGPD) y la Ley Org\u00e1nica de Protecci\u00f3n de Datos y Garant\u00eda de los Derechos Digitales (LOPDGDD) de diciembre de 2018, informamos: 1. RESPONSABLE DEL TRATAMIENTO Identidad:\u00a0ROGER BALLB\u00c9 MA\u00d1AS \u2013 NIF 45884207 N Direcci\u00f3n postal:\u00a0Passeig del 22 de Juliol, 512, local; 08222; [&hellip;]\" \/>\n<meta property=\"og:url\" content=\"https:\/\/mesquefinques.com\/politica-de-privacidad\/\" \/>\n<meta property=\"og:site_name\" content=\"Mes que finques\" \/>\n<meta property=\"article:publisher\" content=\"https:\/\/www.facebook.com\/mesquefinques\/\" \/>\n<meta property=\"article:modified_time\" content=\"2023-06-29T09:35:53+00:00\" \/>\n<meta name=\"twitter:card\" content=\"summary_large_image\" \/>\n<meta name=\"twitter:label1\" content=\"Temps estimat de lectura\" \/>\n\t<meta name=\"twitter:data1\" content=\"7 minuts\" \/>\n<script type=\"application\/ld+json\" class=\"yoast-schema-graph\">{\"@context\":\"https:\/\/schema.org\",\"@graph\":[{\"@type\":\"WebPage\",\"@id\":\"https:\/\/mesquefinques.com\/politica-de-privacidad\/\",\"url\":\"https:\/\/mesquefinques.com\/politica-de-privacidad\/\",\"name\":\"Pol\u00edtica de Privacitat - Mes que finques\",\"isPartOf\":{\"@id\":\"https:\/\/mesquefinques.com\/#website\"},\"datePublished\":\"2016-03-10T18:52:12+00:00\",\"dateModified\":\"2023-06-29T09:35:53+00:00\",\"breadcrumb\":{\"@id\":\"https:\/\/mesquefinques.com\/politica-de-privacidad\/#breadcrumb\"},\"inLanguage\":\"ca\",\"potentialAction\":[{\"@type\":\"ReadAction\",\"target\":[\"https:\/\/mesquefinques.com\/politica-de-privacidad\/\"]}]},{\"@type\":\"BreadcrumbList\",\"@id\":\"https:\/\/mesquefinques.com\/politica-de-privacidad\/#breadcrumb\",\"itemListElement\":[{\"@type\":\"ListItem\",\"position\":1,\"name\":\"Home\",\"item\":\"https:\/\/mesquefinques.com\/\"},{\"@type\":\"ListItem\",\"position\":2,\"name\":\"Pol\u00edtica de Privacitat\"}]},{\"@type\":\"WebSite\",\"@id\":\"https:\/\/mesquefinques.com\/#website\",\"url\":\"https:\/\/mesquefinques.com\/\",\"name\":\"Mes que finques\",\"description\":\"Serveis immobiliaris\",\"publisher\":{\"@id\":\"https:\/\/mesquefinques.com\/#organization\"},\"potentialAction\":[{\"@type\":\"SearchAction\",\"target\":{\"@type\":\"EntryPoint\",\"urlTemplate\":\"https:\/\/mesquefinques.com\/?s={search_term_string}\"},\"query-input\":{\"@type\":\"PropertyValueSpecification\",\"valueRequired\":true,\"valueName\":\"search_term_string\"}}],\"inLanguage\":\"ca\"},{\"@type\":\"Organization\",\"@id\":\"https:\/\/mesquefinques.com\/#organization\",\"name\":\"Mes que finques\",\"url\":\"https:\/\/mesquefinques.com\/\",\"logo\":{\"@type\":\"ImageObject\",\"inLanguage\":\"ca\",\"@id\":\"https:\/\/mesquefinques.com\/#\/schema\/logo\/image\/\",\"url\":\"https:\/\/mesquefinques.com\/wp-content\/uploads\/2024\/03\/logotipo.jpg\",\"contentUrl\":\"https:\/\/mesquefinques.com\/wp-content\/uploads\/2024\/03\/logotipo.jpg\",\"width\":900,\"height\":900,\"caption\":\"Mes que finques\"},\"image\":{\"@id\":\"https:\/\/mesquefinques.com\/#\/schema\/logo\/image\/\"},\"sameAs\":[\"https:\/\/www.facebook.com\/mesquefinques\/\",\"https:\/\/api.whatsapp.com\/send\/?phone=34611105985&text&type=phone_number&app_absent=0\",\"https:\/\/www.instagram.com\/mesquefinques\/\"]}]}<\/script>\n<!-- \/ Yoast SEO plugin. -->","yoast_head_json":{"title":"Pol\u00edtica de Privacitat - Mes que finques","robots":{"index":"index","follow":"follow","max-snippet":"max-snippet:-1","max-image-preview":"max-image-preview:large","max-video-preview":"max-video-preview:-1"},"canonical":"https:\/\/mesquefinques.com\/politica-de-privacidad\/","og_locale":"ca_ES","og_type":"article","og_title":"Pol\u00edtica de Privacitat - Mes que finques","og_description":"En cumplimiento de lo dispuesto en el Reglamento General de Protecci\u00f3n de Datos 2016\/679 (RGPD) y la Ley Org\u00e1nica de Protecci\u00f3n de Datos y Garant\u00eda de los Derechos Digitales (LOPDGDD) de diciembre de 2018, informamos: 1. RESPONSABLE DEL TRATAMIENTO Identidad:\u00a0ROGER BALLB\u00c9 MA\u00d1AS \u2013 NIF 45884207 N Direcci\u00f3n postal:\u00a0Passeig del 22 de Juliol, 512, local; 08222; [&hellip;]","og_url":"https:\/\/mesquefinques.com\/politica-de-privacidad\/","og_site_name":"Mes que finques","article_publisher":"https:\/\/www.facebook.com\/mesquefinques\/","article_modified_time":"2023-06-29T09:35:53+00:00","twitter_card":"summary_large_image","twitter_misc":{"Temps estimat de lectura":"7 minuts"},"schema":{"@context":"https:\/\/schema.org","@graph":[{"@type":"WebPage","@id":"https:\/\/mesquefinques.com\/politica-de-privacidad\/","url":"https:\/\/mesquefinques.com\/politica-de-privacidad\/","name":"Pol\u00edtica de Privacitat - Mes que finques","isPartOf":{"@id":"https:\/\/mesquefinques.com\/#website"},"datePublished":"2016-03-10T18:52:12+00:00","dateModified":"2023-06-29T09:35:53+00:00","breadcrumb":{"@id":"https:\/\/mesquefinques.com\/politica-de-privacidad\/#breadcrumb"},"inLanguage":"ca","potentialAction":[{"@type":"ReadAction","target":["https:\/\/mesquefinques.com\/politica-de-privacidad\/"]}]},{"@type":"BreadcrumbList","@id":"https:\/\/mesquefinques.com\/politica-de-privacidad\/#breadcrumb","itemListElement":[{"@type":"ListItem","position":1,"name":"Home","item":"https:\/\/mesquefinques.com\/"},{"@type":"ListItem","position":2,"name":"Pol\u00edtica de Privacitat"}]},{"@type":"WebSite","@id":"https:\/\/mesquefinques.com\/#website","url":"https:\/\/mesquefinques.com\/","name":"Mes que finques","description":"Serveis immobiliaris","publisher":{"@id":"https:\/\/mesquefinques.com\/#organization"},"potentialAction":[{"@type":"SearchAction","target":{"@type":"EntryPoint","urlTemplate":"https:\/\/mesquefinques.com\/?s={search_term_string}"},"query-input":{"@type":"PropertyValueSpecification","valueRequired":true,"valueName":"search_term_string"}}],"inLanguage":"ca"},{"@type":"Organization","@id":"https:\/\/mesquefinques.com\/#organization","name":"Mes que finques","url":"https:\/\/mesquefinques.com\/","logo":{"@type":"ImageObject","inLanguage":"ca","@id":"https:\/\/mesquefinques.com\/#\/schema\/logo\/image\/","url":"https:\/\/mesquefinques.com\/wp-content\/uploads\/2024\/03\/logotipo.jpg","contentUrl":"https:\/\/mesquefinques.com\/wp-content\/uploads\/2024\/03\/logotipo.jpg","width":900,"height":900,"caption":"Mes que finques"},"image":{"@id":"https:\/\/mesquefinques.com\/#\/schema\/logo\/image\/"},"sameAs":["https:\/\/www.facebook.com\/mesquefinques\/","https:\/\/api.whatsapp.com\/send\/?phone=34611105985&text&type=phone_number&app_absent=0","https:\/\/www.instagram.com\/mesquefinques\/"]}]}},"_links":{"self":[{"href":"https:\/\/mesquefinques.com\/ca\/wp-json\/wp\/v2\/pages\/18381"}],"collection":[{"href":"https:\/\/mesquefinques.com\/ca\/wp-json\/wp\/v2\/pages"}],"about":[{"href":"https:\/\/mesquefinques.com\/ca\/wp-json\/wp\/v2\/types\/page"}],"author":[{"embeddable":true,"href":"https:\/\/mesquefinques.com\/ca\/wp-json\/wp\/v2\/users\/2"}],"replies":[{"embeddable":true,"href":"https:\/\/mesquefinques.com\/ca\/wp-json\/wp\/v2\/comments?post=18381"}],"version-history":[{"count":1,"href":"https:\/\/mesquefinques.com\/ca\/wp-json\/wp\/v2\/pages\/18381\/revisions"}],"predecessor-version":[{"id":18384,"href":"https:\/\/mesquefinques.com\/ca\/wp-json\/wp\/v2\/pages\/18381\/revisions\/18384"}],"wp:attachment":[{"href":"https:\/\/mesquefinques.com\/ca\/wp-json\/wp\/v2\/media?parent=18381"}],"curies":[{"name":"wp","href":"https:\/\/api.w.org\/{rel}","templated":true}]}}