{"id":18412,"date":"2021-04-12T19:06:02","date_gmt":"2021-04-12T19:06:02","guid":{"rendered":"https:\/\/mesquefinques.com\/alquilar\/"},"modified":"2023-06-29T12:09:44","modified_gmt":"2023-06-29T10:09:44","slug":"lloguer","status":"publish","type":"page","link":"https:\/\/mesquefinques.com\/ca\/lloguer\/","title":{"rendered":"Lloguer"},"content":{"rendered":"\t\t<div data-elementor-type=\"wp-page\" data-elementor-id=\"18412\" class=\"elementor elementor-18412 elementor-17632\" data-elementor-post-type=\"page\">\n\t\t\t\t\t\t<section class=\"elementor-section elementor-top-section elementor-element elementor-element-b49f0d3 elementor-section-height-min-height elementor-section-items-stretch elementor-section-boxed elementor-section-height-default elementor-invisible\" data-id=\"b49f0d3\" data-element_type=\"section\" data-settings=\"{&quot;animation&quot;:&quot;fadeIn&quot;}\">\n\t\t\t\t\t\t\t<div class=\"elementor-background-overlay\"><\/div>\n\t\t\t\t\t\t\t<div class=\"elementor-container elementor-column-gap-no\">\n\t\t\t\t\t<div class=\"elementor-column elementor-col-100 elementor-top-column elementor-element elementor-element-84ab8b5\" data-id=\"84ab8b5\" data-element_type=\"column\" data-settings=\"{&quot;background_background&quot;:&quot;classic&quot;}\">\n\t\t\t<div class=\"elementor-widget-wrap elementor-element-populated\">\n\t\t\t\t\t\t<div class=\"elementor-element elementor-element-7abebc9 elementor-absolute elementor-invisible elementor-widget elementor-widget-image\" data-id=\"7abebc9\" data-element_type=\"widget\" data-settings=\"{&quot;_position&quot;:&quot;absolute&quot;,&quot;_animation&quot;:&quot;fadeInUp&quot;}\" data-widget_type=\"image.default\">\n\t\t\t\t<div class=\"elementor-widget-container\">\n\t\t\t\t\t\t\t\t\t\t\t\t\t\t\t<img decoding=\"async\" width=\"244\" height=\"155\" src=\"https:\/\/mesquefinques.com\/wp-content\/uploads\/2021\/04\/Group-1708.png\" class=\"attachment-large size-large wp-image-18351\" alt=\"\" srcset=\"\" \/>\t\t\t\t\t\t\t\t\t\t\t\t\t\t\t<\/div>\n\t\t\t\t<\/div>\n\t\t\t\t<section class=\"elementor-section elementor-inner-section elementor-element elementor-element-a26e30b elementor-section-boxed elementor-section-height-default elementor-section-height-default\" data-id=\"a26e30b\" data-element_type=\"section\" data-settings=\"{&quot;background_background&quot;:&quot;classic&quot;}\">\n\t\t\t\t\t\t<div class=\"elementor-container elementor-column-gap-default\">\n\t\t\t\t\t<div class=\"elementor-column elementor-col-100 elementor-inner-column elementor-element elementor-element-146fa79\" data-id=\"146fa79\" data-element_type=\"column\">\n\t\t\t<div class=\"elementor-widget-wrap elementor-element-populated\">\n\t\t\t\t\t\t<div class=\"elementor-element elementor-element-5a47c0f elementor-widget elementor-widget-heading\" data-id=\"5a47c0f\" data-element_type=\"widget\" data-widget_type=\"heading.default\">\n\t\t\t\t<div class=\"elementor-widget-container\">\n\t\t\t\t\t<h2 class=\"elementor-heading-title elementor-size-default\">Tens un immoble i vols <b>llogar-lo sense preocupar-te de res<\/b>?<\/h2>\t\t\t\t<\/div>\n\t\t\t\t<\/div>\n\t\t\t\t<div class=\"elementor-element elementor-element-bfc2d32 elementor-widget-divider--view-line elementor-widget elementor-widget-divider\" data-id=\"bfc2d32\" data-element_type=\"widget\" data-widget_type=\"divider.default\">\n\t\t\t\t<div class=\"elementor-widget-container\">\n\t\t\t\t\t\t\t<div class=\"elementor-divider\">\n\t\t\t<span class=\"elementor-divider-separator\">\n\t\t\t\t\t\t<\/span>\n\t\t<\/div>\n\t\t\t\t\t\t<\/div>\n\t\t\t\t<\/div>\n\t\t\t\t<div class=\"elementor-element elementor-element-029743c elementor-widget elementor-widget-text-editor\" data-id=\"029743c\" data-element_type=\"widget\" data-widget_type=\"text-editor.default\">\n\t\t\t\t<div class=\"elementor-widget-container\">\n\t\t\t\t\t\t\t\t\t<p>Ets al lloc adequat.<\/p><p>El nostre servei integral de lloguer s&#8217;encarrega de tot, des del principi fins al final.<\/p><p>I si ho necessites, el nostre servei d&#8217;administraci\u00f3 us permetr\u00e0 que la gesti\u00f3 mensual del lloguer durant tot el contracte, sigui \u00fanica i exclusivament la nostra tasca.<\/p>\t\t\t\t\t\t\t\t<\/div>\n\t\t\t\t<\/div>\n\t\t\t\t<div class=\"elementor-element elementor-element-ae3b542 elementor-align-center elementor-mobile-align-justify elementor-widget elementor-widget-button\" data-id=\"ae3b542\" data-element_type=\"widget\" data-widget_type=\"button.default\">\n\t\t\t\t<div class=\"elementor-widget-container\">\n\t\t\t\t\t\t\t\t\t<div class=\"elementor-button-wrapper\">\n\t\t\t\t\t<a class=\"elementor-button elementor-button-link elementor-size-md\" href=\"#elementor-action%3Aaction%3Dpopup%3Aopen%26settings%3DeyJpZCI6MTg0NDEsInRvZ2dsZSI6ZmFsc2V9\">\n\t\t\t\t\t\t<span class=\"elementor-button-content-wrapper\">\n\t\t\t\t\t\t\t\t\t<span class=\"elementor-button-text\">Contacta'ns<\/span>\n\t\t\t\t\t<\/span>\n\t\t\t\t\t<\/a>\n\t\t\t\t<\/div>\n\t\t\t\t\t\t\t\t<\/div>\n\t\t\t\t<\/div>\n\t\t\t\t<div class=\"elementor-element elementor-element-9a88ce5 elementor-widget__width-initial elementor-absolute elementor-invisible elementor-widget elementor-widget-spacer\" data-id=\"9a88ce5\" data-element_type=\"widget\" data-settings=\"{&quot;_position&quot;:&quot;absolute&quot;,&quot;_animation&quot;:&quot;fadeInDown&quot;}\" data-widget_type=\"spacer.default\">\n\t\t\t\t<div class=\"elementor-widget-container\">\n\t\t\t\t\t\t\t<div class=\"elementor-spacer\">\n\t\t\t<div class=\"elementor-spacer-inner\"><\/div>\n\t\t<\/div>\n\t\t\t\t\t\t<\/div>\n\t\t\t\t<\/div>\n\t\t\t\t\t<\/div>\n\t\t<\/div>\n\t\t\t\t\t<\/div>\n\t\t<\/section>\n\t\t\t\t\t<\/div>\n\t\t<\/div>\n\t\t\t\t\t<\/div>\n\t\t<\/section>\n\t\t\t\t<\/div>\n\t\t","protected":false},"excerpt":{"rendered":"<p>Tens un immoble i vols llogar-lo sense preocupar-te de res? Ets al lloc adequat. El nostre servei integral de lloguer s&#8217;encarrega de tot, des del principi fins al final. I si ho necessites, el nostre servei d&#8217;administraci\u00f3 us permetr\u00e0 que la gesti\u00f3 mensual del lloguer durant tot el contracte, sigui \u00fanica i exclusivament la nostra [&hellip;]<\/p>\n","protected":false},"author":2,"featured_media":0,"parent":0,"menu_order":0,"comment_status":"closed","ping_status":"closed","template":"template\/property-listings-map.php","meta":{"_acf_changed":false,"om_disable_all_campaigns":false,"_monsterinsights_skip_tracking":false,"_monsterinsights_sitenote_active":false,"_monsterinsights_sitenote_note":"","_monsterinsights_sitenote_category":0,"_uf_show_specific_survey":0,"_uf_disable_surveys":false,"_joinchat":[],"footnotes":""},"class_list":["post-18412","page","type-page","status-publish","hentry"],"acf":[],"yoast_head":"<!-- This site is optimized with the Yoast SEO plugin v25.3 - https:\/\/yoast.com\/wordpress\/plugins\/seo\/ -->\n<title>Lloguer - Mes que finques<\/title>\n<meta name=\"robots\" content=\"index, follow, max-snippet:-1, max-image-preview:large, max-video-preview:-1\" \/>\n<link rel=\"canonical\" href=\"https:\/\/mesquefinques.com\/alquilar\/\" \/>\n<meta property=\"og:locale\" content=\"ca_ES\" \/>\n<meta property=\"og:type\" content=\"article\" \/>\n<meta property=\"og:title\" content=\"Lloguer - Mes que finques\" \/>\n<meta property=\"og:description\" content=\"Tens un immoble i vols llogar-lo sense preocupar-te de res? Ets al lloc adequat. El nostre servei integral de lloguer s&#8217;encarrega de tot, des del principi fins al final. I si ho necessites, el nostre servei d&#8217;administraci\u00f3 us permetr\u00e0 que la gesti\u00f3 mensual del lloguer durant tot el contracte, sigui \u00fanica i exclusivament la nostra [&hellip;]\" \/>\n<meta property=\"og:url\" content=\"https:\/\/mesquefinques.com\/alquilar\/\" \/>\n<meta property=\"og:site_name\" content=\"Mes que finques\" \/>\n<meta property=\"article:publisher\" content=\"https:\/\/www.facebook.com\/mesquefinques\/\" \/>\n<meta property=\"article:modified_time\" content=\"2023-06-29T10:09:44+00:00\" \/>\n<meta property=\"og:image\" content=\"https:\/\/mesquefinques.com\/wp-content\/uploads\/2021\/04\/Group-1708.png\" \/>\n<meta name=\"twitter:card\" content=\"summary_large_image\" \/>\n<script type=\"application\/ld+json\" class=\"yoast-schema-graph\">{\"@context\":\"https:\/\/schema.org\",\"@graph\":[{\"@type\":\"WebPage\",\"@id\":\"https:\/\/mesquefinques.com\/alquilar\/\",\"url\":\"https:\/\/mesquefinques.com\/alquilar\/\",\"name\":\"Lloguer - Mes que finques\",\"isPartOf\":{\"@id\":\"https:\/\/mesquefinques.com\/#website\"},\"primaryImageOfPage\":{\"@id\":\"https:\/\/mesquefinques.com\/alquilar\/#primaryimage\"},\"image\":{\"@id\":\"https:\/\/mesquefinques.com\/alquilar\/#primaryimage\"},\"thumbnailUrl\":\"https:\/\/mesquefinques.com\/wp-content\/uploads\/2021\/04\/Group-1708.png\",\"datePublished\":\"2021-04-12T19:06:02+00:00\",\"dateModified\":\"2023-06-29T10:09:44+00:00\",\"breadcrumb\":{\"@id\":\"https:\/\/mesquefinques.com\/alquilar\/#breadcrumb\"},\"inLanguage\":\"ca\",\"potentialAction\":[{\"@type\":\"ReadAction\",\"target\":[\"https:\/\/mesquefinques.com\/alquilar\/\"]}]},{\"@type\":\"ImageObject\",\"inLanguage\":\"ca\",\"@id\":\"https:\/\/mesquefinques.com\/alquilar\/#primaryimage\",\"url\":\"https:\/\/mesquefinques.com\/wp-content\/uploads\/2021\/04\/Group-1708.png\",\"contentUrl\":\"https:\/\/mesquefinques.com\/wp-content\/uploads\/2021\/04\/Group-1708.png\"},{\"@type\":\"BreadcrumbList\",\"@id\":\"https:\/\/mesquefinques.com\/alquilar\/#breadcrumb\",\"itemListElement\":[{\"@type\":\"ListItem\",\"position\":1,\"name\":\"Home\",\"item\":\"https:\/\/mesquefinques.com\/\"},{\"@type\":\"ListItem\",\"position\":2,\"name\":\"Lloguer\"}]},{\"@type\":\"WebSite\",\"@id\":\"https:\/\/mesquefinques.com\/#website\",\"url\":\"https:\/\/mesquefinques.com\/\",\"name\":\"Mes que finques\",\"description\":\"Serveis immobiliaris\",\"publisher\":{\"@id\":\"https:\/\/mesquefinques.com\/#organization\"},\"potentialAction\":[{\"@type\":\"SearchAction\",\"target\":{\"@type\":\"EntryPoint\",\"urlTemplate\":\"https:\/\/mesquefinques.com\/?s={search_term_string}\"},\"query-input\":{\"@type\":\"PropertyValueSpecification\",\"valueRequired\":true,\"valueName\":\"search_term_string\"}}],\"inLanguage\":\"ca\"},{\"@type\":\"Organization\",\"@id\":\"https:\/\/mesquefinques.com\/#organization\",\"name\":\"Mes que finques\",\"url\":\"https:\/\/mesquefinques.com\/\",\"logo\":{\"@type\":\"ImageObject\",\"inLanguage\":\"ca\",\"@id\":\"https:\/\/mesquefinques.com\/#\/schema\/logo\/image\/\",\"url\":\"https:\/\/mesquefinques.com\/wp-content\/uploads\/2024\/03\/logotipo.jpg\",\"contentUrl\":\"https:\/\/mesquefinques.com\/wp-content\/uploads\/2024\/03\/logotipo.jpg\",\"width\":900,\"height\":900,\"caption\":\"Mes que finques\"},\"image\":{\"@id\":\"https:\/\/mesquefinques.com\/#\/schema\/logo\/image\/\"},\"sameAs\":[\"https:\/\/www.facebook.com\/mesquefinques\/\",\"https:\/\/api.whatsapp.com\/send\/?phone=34611105985&text&type=phone_number&app_absent=0\",\"https:\/\/www.instagram.com\/mesquefinques\/\"]}]}<\/script>\n<!-- \/ Yoast SEO plugin. -->","yoast_head_json":{"title":"Lloguer - Mes que finques","robots":{"index":"index","follow":"follow","max-snippet":"max-snippet:-1","max-image-preview":"max-image-preview:large","max-video-preview":"max-video-preview:-1"},"canonical":"https:\/\/mesquefinques.com\/alquilar\/","og_locale":"ca_ES","og_type":"article","og_title":"Lloguer - Mes que finques","og_description":"Tens un immoble i vols llogar-lo sense preocupar-te de res? Ets al lloc adequat. El nostre servei integral de lloguer s&#8217;encarrega de tot, des del principi fins al final. I si ho necessites, el nostre servei d&#8217;administraci\u00f3 us permetr\u00e0 que la gesti\u00f3 mensual del lloguer durant tot el contracte, sigui \u00fanica i exclusivament la nostra [&hellip;]","og_url":"https:\/\/mesquefinques.com\/alquilar\/","og_site_name":"Mes que finques","article_publisher":"https:\/\/www.facebook.com\/mesquefinques\/","article_modified_time":"2023-06-29T10:09:44+00:00","og_image":[{"url":"https:\/\/mesquefinques.com\/wp-content\/uploads\/2021\/04\/Group-1708.png","type":"","width":"","height":""}],"twitter_card":"summary_large_image","schema":{"@context":"https:\/\/schema.org","@graph":[{"@type":"WebPage","@id":"https:\/\/mesquefinques.com\/alquilar\/","url":"https:\/\/mesquefinques.com\/alquilar\/","name":"Lloguer - Mes que finques","isPartOf":{"@id":"https:\/\/mesquefinques.com\/#website"},"primaryImageOfPage":{"@id":"https:\/\/mesquefinques.com\/alquilar\/#primaryimage"},"image":{"@id":"https:\/\/mesquefinques.com\/alquilar\/#primaryimage"},"thumbnailUrl":"https:\/\/mesquefinques.com\/wp-content\/uploads\/2021\/04\/Group-1708.png","datePublished":"2021-04-12T19:06:02+00:00","dateModified":"2023-06-29T10:09:44+00:00","breadcrumb":{"@id":"https:\/\/mesquefinques.com\/alquilar\/#breadcrumb"},"inLanguage":"ca","potentialAction":[{"@type":"ReadAction","target":["https:\/\/mesquefinques.com\/alquilar\/"]}]},{"@type":"ImageObject","inLanguage":"ca","@id":"https:\/\/mesquefinques.com\/alquilar\/#primaryimage","url":"https:\/\/mesquefinques.com\/wp-content\/uploads\/2021\/04\/Group-1708.png","contentUrl":"https:\/\/mesquefinques.com\/wp-content\/uploads\/2021\/04\/Group-1708.png"},{"@type":"BreadcrumbList","@id":"https:\/\/mesquefinques.com\/alquilar\/#breadcrumb","itemListElement":[{"@type":"ListItem","position":1,"name":"Home","item":"https:\/\/mesquefinques.com\/"},{"@type":"ListItem","position":2,"name":"Lloguer"}]},{"@type":"WebSite","@id":"https:\/\/mesquefinques.com\/#website","url":"https:\/\/mesquefinques.com\/","name":"Mes que finques","description":"Serveis immobiliaris","publisher":{"@id":"https:\/\/mesquefinques.com\/#organization"},"potentialAction":[{"@type":"SearchAction","target":{"@type":"EntryPoint","urlTemplate":"https:\/\/mesquefinques.com\/?s={search_term_string}"},"query-input":{"@type":"PropertyValueSpecification","valueRequired":true,"valueName":"search_term_string"}}],"inLanguage":"ca"},{"@type":"Organization","@id":"https:\/\/mesquefinques.com\/#organization","name":"Mes que finques","url":"https:\/\/mesquefinques.com\/","logo":{"@type":"ImageObject","inLanguage":"ca","@id":"https:\/\/mesquefinques.com\/#\/schema\/logo\/image\/","url":"https:\/\/mesquefinques.com\/wp-content\/uploads\/2024\/03\/logotipo.jpg","contentUrl":"https:\/\/mesquefinques.com\/wp-content\/uploads\/2024\/03\/logotipo.jpg","width":900,"height":900,"caption":"Mes que finques"},"image":{"@id":"https:\/\/mesquefinques.com\/#\/schema\/logo\/image\/"},"sameAs":["https:\/\/www.facebook.com\/mesquefinques\/","https:\/\/api.whatsapp.com\/send\/?phone=34611105985&text&type=phone_number&app_absent=0","https:\/\/www.instagram.com\/mesquefinques\/"]}]}},"_links":{"self":[{"href":"https:\/\/mesquefinques.com\/ca\/wp-json\/wp\/v2\/pages\/18412"}],"collection":[{"href":"https:\/\/mesquefinques.com\/ca\/wp-json\/wp\/v2\/pages"}],"about":[{"href":"https:\/\/mesquefinques.com\/ca\/wp-json\/wp\/v2\/types\/page"}],"author":[{"embeddable":true,"href":"https:\/\/mesquefinques.com\/ca\/wp-json\/wp\/v2\/users\/2"}],"replies":[{"embeddable":true,"href":"https:\/\/mesquefinques.com\/ca\/wp-json\/wp\/v2\/comments?post=18412"}],"version-history":[{"count":4,"href":"https:\/\/mesquefinques.com\/ca\/wp-json\/wp\/v2\/pages\/18412\/revisions"}],"predecessor-version":[{"id":18416,"href":"https:\/\/mesquefinques.com\/ca\/wp-json\/wp\/v2\/pages\/18412\/revisions\/18416"}],"wp:attachment":[{"href":"https:\/\/mesquefinques.com\/ca\/wp-json\/wp\/v2\/media?parent=18412"}],"curies":[{"name":"wp","href":"https:\/\/api.w.org\/{rel}","templated":true}]}}